{"id":447,"date":"2012-12-03T22:58:39","date_gmt":"2012-12-04T01:58:39","guid":{"rendered":"https:\/\/site.ac-martinique.fr\/philosophie\/?page_id=447"},"modified":"2026-04-14T18:42:59","modified_gmt":"2026-04-14T21:42:59","slug":"accueil","status":"publish","type":"page","link":"https:\/\/site.ac-martinique.fr\/philosophie\/","title":{"rendered":"ACCUEIL"},"content":{"rendered":"\n<p>BIENVENUE SUR LE SITE DE PHILOSOPHIE DE L&#8217;ACADEMIE DE LA MARTINIQUE<\/p>\n\n\n\n<figure class=\"wp-block-table is-style-regular\"><table><tbody><tr><td>Le Site de l\u2019Acad\u00e9mie de Martinique est destin\u00e9 en priorit\u00e9 \u00e0 fournir les informations indispensables au travail des professeurs (textes officiels, concours\u2026). Il propose des ressources pour l&#8217;\u00e9tude des programmes (dont HLP, EMC GO, et CPGE). Il a vocation \u00e0 proposer des articles et des mises au point sur des sujets pr\u00e9cis.<\/td><\/tr><\/tbody><\/table><\/figure>\n\n\n\n<h2 class=\"wp-block-heading has-text-align-center has-large-font-size\"><strong>Journ\u00e9es acad\u00e9miques de la philosophie &#8211; 2026<\/strong><\/h2>\n\n\n\n<p class=\"has-text-align-center\">(Mardi 21 Avril &#8211; Lyc\u00e9e Polyvalent Joseph Zobel &#8211; 08h00 &#8211; 16h00)<\/p>\n\n\n\n<figure class=\"wp-block-image size-large\"><a href=\"https:\/\/site.ac-martinique.fr\/philosophie\/wp-content\/uploads\/sites\/20\/2026\/04\/philosophie.jpg\"><img loading=\"lazy\" decoding=\"async\" width=\"1024\" height=\"576\" src=\"https:\/\/site.ac-martinique.fr\/philosophie\/wp-content\/uploads\/sites\/20\/2026\/04\/philosophie-1024x576.jpg\" alt=\"\" class=\"wp-image-4140\" srcset=\"https:\/\/site.ac-martinique.fr\/philosophie\/wp-content\/uploads\/sites\/20\/2026\/04\/philosophie-1024x576.jpg 1024w, https:\/\/site.ac-martinique.fr\/philosophie\/wp-content\/uploads\/sites\/20\/2026\/04\/philosophie-300x169.jpg 300w, https:\/\/site.ac-martinique.fr\/philosophie\/wp-content\/uploads\/sites\/20\/2026\/04\/philosophie-768x432.jpg 768w, https:\/\/site.ac-martinique.fr\/philosophie\/wp-content\/uploads\/sites\/20\/2026\/04\/philosophie.jpg 1280w\" sizes=\"auto, (max-width: 1024px) 100vw, 1024px\" \/><\/a><\/figure>\n\n\n\n<h1>\u00a0<\/h1>\n<h1>&#8212;&#8212;&#8212;&#8212;&#8212;&#8212;&#8212;&#8212;&#8212;&#8212;&#8212;&#8212;&#8212;&#8212;&#8212;&#8212;&#8212;&#8212;&#8212;&#8212;&#8212;&#8212;&#8212;-<\/h1>\n<h1>\u00a0<\/h1>\n<h1>\u00a0<\/h1>\n<h1 style=\"text-align: center;\"><b>Journ\u00e9es acad\u00e9miques 2024<\/b><\/h1>\n<h4 style=\"text-align: center;\"><b><strong>LA M\u00c9TAPHYSIQUE<\/strong><\/b><\/h4>\n<h4 style=\"text-align: center;\"><b><strong>(jeudi 1er f\u00e9vrier et vendredi 2 F\u00e9vrier 2024 \u2013 Lyc\u00e9e Bellevue)<\/strong><\/b><\/h4>\n<p>PDF des journ\u00e9es : <a href=\"https:\/\/site.ac-martinique.fr\/philosophie\/wp-content\/uploads\/sites\/20\/2024\/01\/JA-2024.pdf\">Programme des journ\u00e9es acad\u00e9miques 2024<\/a><\/p>\n<ul>\n<li><b>Conf\u00e9rence d&#8217;Agn\u00e8s Pigler, professeure de chaire sup\u00e9rieure, professeure en classe pr\u00e9paratoire au lyc\u00e9e Bellevue, Fort de France :<\/b><\/li>\n<\/ul>\n<p style=\"text-align: center;\"><a href=\"http:\/\/site.ac-martinique.fr\/philosophie\/?page_id=3994\"><b>LE PROBL\u00c8ME DU MAL<\/b><\/a><\/p>\n<p>\u00a0<\/p>\n<ul>\n<li><b>Conf\u00e9rence de Sylvie Birnbaum,<span class=\"OYPEnA text-decoration-none text-strikethrough-none\" style=\"color: #000000;\"> professeure de chaire sup\u00e9rieure, professeure en classe pr\u00e9paratoire au lyc\u00e9e F\u00e9lix Ebou\u00e9, Cayenne :<\/span><\/b><\/li>\n<\/ul>\n<p style=\"text-align: center;\"><b>LE MOI : LA FABRIQUE D&#8217;UNE FICTION CHEZ HUME<\/b><\/p>\n<p>\u00a0<\/p>\n<ul>\n<li><b>Conf\u00e9rence de Pierre Rodrigo, professeur \u00e9m\u00e9rite de philosophie Universit\u00e9 de Bourgogne (Dijon, France) :<\/b><\/li>\n<\/ul>\n<p style=\"text-align: center;\"><a href=\"http:\/\/site.ac-martinique.fr\/philosophie\/?page_id=4003\"><b>M\u00c9TAPHYSIQUE, ANTI-M\u00c9TAPHYSIQUE, PH\u00c9NOM\u00c9NOLOGIE<\/b><\/a><\/p>\n<p>\u00a0<\/p>\n<ul>\n<li><b>Conf\u00e9rence de Dominique Demartini, professeur agr\u00e9g\u00e9, professeur en classe pr\u00e9paratoire au lyc\u00e9e Bellevue, Fort de France :<\/b><\/li>\n<\/ul>\n<p style=\"text-align: center;\"><a href=\"http:\/\/site.ac-martinique.fr\/philosophie\/?page_id=4044\"><b>L&#8217;IMAGE COMME OUTIL M\u00c9TAPHYSIQUE CHEZ BERGSON<\/b><\/a><\/p>\n<p>\u00a0<\/p>\n<ul>\n<li><b>Conf\u00e9rence de Julien Chane-Alune, professeur agr\u00e9g\u00e9, professeur en classe pr\u00e9paratoire au lyc\u00e9e Bellevue, Fort de France<span style=\"color: #000000;\">\u00a0: <\/span><\/b><\/li>\n<\/ul>\n<p style=\"text-align: center;\"><a href=\"http:\/\/site.ac-martinique.fr\/philosophie\/?page_id=4013\"><b><span class=\"OYPEnA text-decoration-none text-strikethrough-none\">PEUT-ON PENSER L&#8217;UNIVERS COMME UN TOUT INFINI ? L&#8217;\u00c9CLATEMENT DE LA SPH\u00c8RE DU MONDE PAR GIORDANO BRUNO \u00c0 L&#8217;AUBE DE LA MODERNIT\u00c9<\/span><\/b><\/a><\/p>\n<p style=\"text-align: center;\"><b><span class=\"OYPEnA text-decoration-none text-strikethrough-none\">\u00a0<\/span><\/b><\/p>\n<ul>\n<li><b>Conf\u00e9rence de Daniel Pujol, <\/b><span class=\"OYPEnA text-decoration-none text-strikethrough-none\"><b>professeur agr\u00e9g\u00e9, professeur en classe pr\u00e9paratoire au lyc\u00e9e Frantz Fanon, Trinit\u00e9 :<\/b><\/span><\/li>\n<\/ul>\n<p class=\"cvGsUA direction-ltr align-start para-style-body\" style=\"text-align: center;\"><a href=\"http:\/\/site.ac-martinique.fr\/philosophie\/?page_id=4075\"><span class=\"OYPEnA text-decoration-none text-strikethrough-none\"><b>EMMANUEL L\u00c9VINAS : D\u2019UNE M\u00c9TAPHYSIQUE SANS L\u2019\u00caTRE<\/b><\/span><\/a><\/p>\n<p style=\"font-weight: 400;\">\u00a0<\/p>\n<p style=\"font-weight: 400;\">\u00a0<\/p>\n\n\n\n<p>&nbsp;<\/p>\n<p><img loading=\"lazy\" decoding=\"async\" class=\"wp-image-3274 aligncenter\" src=\"https:\/\/site.ac-martinique.fr\/philosophie\/wp-content\/uploads\/sites\/20\/2023\/02\/chatgpt-seeklogo.com_-300x300.png\" alt=\"\" width=\"202\" height=\"202\" srcset=\"https:\/\/site.ac-martinique.fr\/philosophie\/wp-content\/uploads\/sites\/20\/2023\/02\/chatgpt-seeklogo.com_-300x300.png 300w, https:\/\/site.ac-martinique.fr\/philosophie\/wp-content\/uploads\/sites\/20\/2023\/02\/chatgpt-seeklogo.com_-150x150.png 150w, https:\/\/site.ac-martinique.fr\/philosophie\/wp-content\/uploads\/sites\/20\/2023\/02\/chatgpt-seeklogo.com_.png 500w\" sizes=\"auto, (max-width: 202px) 100vw, 202px\" \/><\/p>\n<h1 class=\"titre\" style=\"text-align: center;\">ChatGPT&nbsp;: au c\u0153ur de la matrice, un d\u00e9fi intellectuel et didactique :<\/h1>\n<p>Pour tous ceux qui ne savent pas encore ce que c&#8217;est, voici deux ressources sur l&#8217;IA dont tout le monde parle :&nbsp;<\/p>\n<ul>\n<li><a href=\"https:\/\/philosophie.ac-normandie.fr\/spip.php?article616\">Quelques pistes de r\u00e9flexions sur Chat GPT<\/a>&nbsp; par F. Leli\u00e8vre, IA-IPR de philosophie<\/li>\n<li>Capsule vid\u00e9o de M.&nbsp;Phi&nbsp;: De quoi ChatGPT est-il VRAIMENT capable&nbsp;? :<\/li>\n<\/ul>\n<p><iframe loading=\"lazy\" src=\"\/\/www.youtube.com\/embed\/R2fjRbc9Sa0\" width=\"560\" height=\"314\" allowfullscreen=\"allowfullscreen\"><\/iframe><\/p>\n<p>&nbsp;<\/p>\n\n\n\n<h4 class=\"wp-block-heading\">&nbsp;<\/h4>\n\n\n\n\n\n<hr class=\"wp-block-separator has-alpha-channel-opacity\"\/>\n\n\n\n<p><\/p>\n\n\n\n<figure class=\"wp-block-table\"><table><tbody><tr><td>\n<p class=\"MsoNormal\" style=\"text-align: left; text-indent: 0cm; margin: 12.0pt 0cm 12.0pt 0cm;\" align=\"left\"><span style=\"font-size: x-large;\"><em><span lang=\"FR\">&nbsp; Informations g\u00e9n\u00e9rales<\/span><\/em><\/span><\/p>\n<\/td><\/tr><tr><td> <ul> <li><strong><a href=\"https:\/\/site.ac-martinique.fr\/philosophie\/wp-content\/uploads\/sites\/20\/2021\/09\/la_republique_a_l_ecole.pdf\">La r\u00e9publique \u00e0 l&#8217;\u00e9cole<\/a><\/strong><\/li> <li><strong>Plan acad\u00e9mique de\u00a0<\/strong><span style=\"color: #000000;\"><b>formation (PAF) :<\/b><\/span> <ul> <li><a href=\"https:\/\/site.ac-martinique.fr\/philosophie\/wp-content\/uploads\/sites\/20\/2021\/05\/NOTE-RECTORALE-PAF-CEC-31.05.2021.pdf\">Note rectorale sur le PAF<\/a><\/li> <li><a href=\"https:\/\/site.ac-martinique.fr\/philosophie\/wp-content\/uploads\/sites\/20\/2021\/05\/Annexe-1-PAF-CERTIFICATIONS-EXAMENS-CONCOURS-2021-2022.pdf\">Annexe 1 : certifications, examens et concours 2021-2022<\/a><\/li> <li><a href=\"https:\/\/site.ac-martinique.fr\/philosophie\/wp-content\/uploads\/sites\/20\/2021\/05\/Annexe-2-CAHIER-DES-CHARGES-DU-PLAN-ACADEMIQUE-DE-FORMATION-PAF-2021-2022.pdf\">Annexe 2 : Cahier des charges du PAF 2021-2022<\/a><\/li> <li><a href=\"https:\/\/site.ac-martinique.fr\/philosophie\/wp-content\/uploads\/sites\/20\/2021\/05\/Annexe-3-TUTORIEL-INSCRIPTION-AU-PAF-VIA-GAIA-2021-2022.pdf\">Annexe 3 : tutoriel d&#8217;inscription au PAF 2021-2022 via GAIA<\/a><\/li> <\/ul> <\/li> <li><strong><a href=\"https:\/\/site.ac-martinique.fr\/philosophie\/wp-content\/uploads\/sites\/20\/2021\/04\/Circulaire-DRRH-2021-02-LDG-mobilite-2021-2023.pdf\">Circulaire relative aux lignes directrices de gestion mobilit\u00e9 2021-2023 de l&#8217;Acad\u00e9mie de Martinique.<\/a><\/strong><\/li> <li><strong>Mise en oeuvre du Compte Personnel de Formation (CPF) :<\/strong> <ul> <li>le d\u00e9p\u00f4t des demandes de mobilisation du CPF se fait d\u00e9sormais uniquement de mani\u00e8re d\u00e9mat\u00e9rialis\u00e9e \u00e0 l&#8217;adresse suivante :\u00a0<a class=\"moz-txt-link-freetext\" href=\"https:\/\/www.demarches-simplifiees.fr\/commencer\/demande-de-mobilisation-du-cpf\">https:\/\/www.demarches-simplifiees.fr\/commencer\/demande-de-mobilisation-du-cpf<\/a><\/li> <li><strong><a href=\"https:\/\/site.ac-martinique.fr\/philosophie\/wp-content\/uploads\/sites\/20\/2012\/12\/Circulaire-relative-au-CPF-2021-2022-sign\u00e9.pdf\">Circulaire relative au CPF 2021-2022<\/a><\/strong><\/li><\/ul><\/li><\/ul><div class=\"page\" title=\"Page 1\"><div class=\"page\" title=\"Page 1\"><div class=\"layoutArea\"><\/div><div class=\"page\" title=\"Page 1\"><div class=\"page\" title=\"Page 1\"><div class=\"layoutArea\"><div class=\"column\"> <ul> <li><strong><a href=\"https:\/\/site.ac-martinique.fr\/philosophie\/wp-content\/uploads\/sites\/20\/2012\/12\/Protection-et-accompagnement-des-agents-publics.pdf\">Note interminist\u00e9rielle sur la protection et l&#8217;accompagnement des agents publics<\/a><\/strong><\/li> <li><strong>Comment aborder les questions li\u00e9es aux\u00a0<\/strong><b>libert\u00e9s\u00a0fondamentales et aux\u00a0fondements de la\u00a0R\u00e9publique ? :\u00a0<a href=\"https:\/\/site.ac-martinique.fr\/philosophie\/?page_id=2418\">la lettre de notre inspecteur<\/a>, Franck Leli\u00e8vre.<\/b><\/li> <li><strong>Une <a href=\"https:\/\/webtv.univ-rouen.fr\/permalink\/v1256253b5528t3077kt\/iframe\/\">vid\u00e9o de notre inspecteur<\/a>, Franck Leli\u00e8vre, sur la la\u00efcit\u00e9.<\/strong><\/li><\/ul><\/div><\/div><\/div><\/div><ul> <li><strong>Continuit\u00e9 p\u00e9dagogique, sujets des s\u00e9ries<span class=\"Apple-converted-space\">\u00a0<\/span>technologiques et ressources en ligne : <a href=\"https:\/\/site.ac-martinique.fr\/philosophie\/?page_id=2432\">la lettre de notre inspecteur<\/a>, Franck Leli\u00e8vre.<\/strong><\/li> <li><strong><a href=\"https:\/\/site.ac-martinique.fr\/philosophie\/?page_id=2445\">Info@professeurs : Lettre sp\u00e9ciale Revalorisation<\/a><\/strong><\/li>  <\/ul> <\/div><\/td><\/tr><\/tbody><\/table><\/figure>\n\n\n\n<div class=\"titre\">\n<p style=\"text-align: center;\">\u00a0<\/p>\n<p><strong><span style=\"color: #008000;\">Appel \u00e0 contribution<\/span><\/strong><\/p>\n<\/div>\n\n\n\n<ul class=\"wp-block-list\">\n<li>Les coll\u00e8gues de philosophie de l&#8217;acad\u00e9mie sont invit\u00e9s \u00e0 proposer des articles sur des questions philosophiques ou des auteurs, sur des notions, sur des d\u00e9marches susceptibles d&#8217;\u00e9clairer notre m\u00e9tier.<\/li>\n\n\n\n<li>Les articles propos\u00e9s seront soumis, pour publication, \u00e0 un comit\u00e9 de lecture sous l&#8217;autorit\u00e9 de Monsieur Bruzan, Inspecteur P\u00e9dagogique R\u00e9gional de philosophie de l&#8217;acad\u00e9mie.<\/li>\n\n\n\n<li>Les articles propos\u00e9s sont \u00e0 adresser au Webmestre (Mathieu Barraquier) qui transmettra : <a href=\"mailto:ludovic.belchior@ac-martinique.fr\">cliquez ici<\/a><\/li>\n<\/ul>\n\n\n\n<p>hering<\/p>\n\n\n\n<p><\/p>\n\n\n\n<p><\/p>\n","protected":false},"excerpt":{"rendered":"<p>BIENVENUE SUR LE SITE DE PHILOSOPHIE DE L&#8217;ACADEMIE DE LA MARTINIQUE Le Site de l\u2019Acad\u00e9mie de Martinique est destin\u00e9 en priorit\u00e9 \u00e0 fournir les informations indispensables au travail des professeurs (textes officiels, concours\u2026). Il propose des ressources pour l&#8217;\u00e9tude des &hellip; <a href=\"https:\/\/site.ac-martinique.fr\/philosophie\/\">Continuer la lecture <span class=\"meta-nav\">&rarr;<\/span><\/a><\/p>\n","protected":false},"author":76,"featured_media":0,"parent":0,"menu_order":1,"comment_status":"closed","ping_status":"closed","template":"","meta":{"footnotes":""},"class_list":["post-447","page","type-page","status-publish","hentry"],"_links":{"self":[{"href":"https:\/\/site.ac-martinique.fr\/philosophie\/index.php?rest_route=\/wp\/v2\/pages\/447","targetHints":{"allow":["GET"]}}],"collection":[{"href":"https:\/\/site.ac-martinique.fr\/philosophie\/index.php?rest_route=\/wp\/v2\/pages"}],"about":[{"href":"https:\/\/site.ac-martinique.fr\/philosophie\/index.php?rest_route=\/wp\/v2\/types\/page"}],"author":[{"embeddable":true,"href":"https:\/\/site.ac-martinique.fr\/philosophie\/index.php?rest_route=\/wp\/v2\/users\/76"}],"replies":[{"embeddable":true,"href":"https:\/\/site.ac-martinique.fr\/philosophie\/index.php?rest_route=%2Fwp%2Fv2%2Fcomments&post=447"}],"version-history":[{"count":571,"href":"https:\/\/site.ac-martinique.fr\/philosophie\/index.php?rest_route=\/wp\/v2\/pages\/447\/revisions"}],"predecessor-version":[{"id":4142,"href":"https:\/\/site.ac-martinique.fr\/philosophie\/index.php?rest_route=\/wp\/v2\/pages\/447\/revisions\/4142"}],"wp:attachment":[{"href":"https:\/\/site.ac-martinique.fr\/philosophie\/index.php?rest_route=%2Fwp%2Fv2%2Fmedia&parent=447"}],"curies":[{"name":"wp","href":"https:\/\/api.w.org\/{rel}","templated":true}]}}