{"id":1889,"date":"2014-09-06T05:00:35","date_gmt":"2014-09-06T09:00:35","guid":{"rendered":"\/pole-langues\/?page_id=1889"},"modified":"2026-06-18T16:16:45","modified_gmt":"2026-06-18T20:16:45","slug":"accueil-2","status":"publish","type":"page","link":"https:\/\/site.ac-martinique.fr\/pole-langues\/?page_id=1889","title":{"rendered":"Actualit\u00e9s"},"content":{"rendered":"\n<figure class=\"wp-block-image size-full is-resized\"><a href=\"https:\/\/site.ac-martinique.fr\/pole-langues\/wp-content\/uploads\/sites\/28\/2025\/03\/Whats-up.png\"><img loading=\"lazy\" decoding=\"async\" width=\"373\" height=\"277\" src=\"https:\/\/site.ac-martinique.fr\/pole-langues\/wp-content\/uploads\/sites\/28\/2025\/03\/Whats-up.png\" alt=\"\" class=\"wp-image-4600\" style=\"width:144px;height:auto\" srcset=\"https:\/\/site.ac-martinique.fr\/pole-langues\/wp-content\/uploads\/sites\/28\/2025\/03\/Whats-up.png 373w, https:\/\/site.ac-martinique.fr\/pole-langues\/wp-content\/uploads\/sites\/28\/2025\/03\/Whats-up-300x223.png 300w\" sizes=\"auto, (max-width: 373px) 100vw, 373px\" \/><\/a><\/figure>\n\n\n\n<div class=\"wp-block-group is-nowrap is-layout-flex wp-container-core-group-is-layout-8f761849 wp-block-group-is-layout-flex\">\n<h2 style=\"text-align: center;\">Podcasts pour r\u00e9viser :<\/h2>\n<p><a href=\"\/pole-langues\/?page_id=2688\">[Cliquez ici]<\/a> pour acc\u00e9der<\/p>\n<p style=\"text-align: center;\">&#8212;&#8212;&#8212;&#8212;&#8212;&#8212;&#8212;&#8212;&#8212;&#8212;&#8212;&#8212;&#8212;&#8212;&#8212;&#8212;&#8212;&#8212;&#8212;&#8212;&#8212;&#8212;&#8212;&#8212;&#8212;&#8212;&#8212;-<\/p>\n<\/div>\n\n\n\n<div class=\"wp-block-group is-nowrap is-layout-flex wp-container-core-group-is-layout-8f761849 wp-block-group-is-layout-flex\">\n<figure class=\"wp-block-image is-resized\"><img loading=\"lazy\" decoding=\"async\" width=\"76\" height=\"41\" src=\"https:\/\/site.ac-martinique.fr\/pole-langues\/wp-content\/uploads\/sites\/28\/2014\/12\/new.gif\" alt=\"\" class=\"wp-image-2105\" style=\"width:85px;height:auto\"\/><\/figure>\n\n\n\n<h2 class=\"wp-block-heading\">Nouveaux programmes<\/h2>\n<\/div>\n\n\n\n<p class=\"wp-block-paragraph\">Ces documents d\u00e9finissent les programmes de <strong>langues vivantes<\/strong> pour le cycle 2 et 3, visant l&#8217;acquisition de premi\u00e8res comp\u00e9tences linguistiques et culturelles. Ils structurent les apprentissages autour de la <strong>compr\u00e9hension, l&#8217;expression (orale et \u00e9crite) et la m\u00e9diation<\/strong>. L&#8217;enseignement des langues vivantes repose sur une <strong>perspective actionnelle<\/strong> ludique, s&#8217;appuyant sur des supports authentiques pour favoriser l&#8217;oralit\u00e9. La progression accompagne l&#8217;\u00e9l\u00e8ve du niveau pr\u00e9-A1 vers le <strong>niveau A1<\/strong> du CECRL. Enfin, il est propos\u00e9   un <strong>parcours linguistique coh\u00e9rent<\/strong> et motivant pour les  54 heures annuelles d&#8217;enseignement.<\/p>\n\n\n\n<p class=\"wp-block-paragraph\">L&#8217;approche p\u00e9dagogique repose sur des\u00a0<strong>activit\u00e9s ludiques et authentiques<\/strong>, telles que des chants, des jeux et des albums de jeunesse, afin de motiver les enfants. Les sources d\u00e9taillent les comp\u00e9tences \u00e0 acqu\u00e9rir dans cinq domaines cl\u00e9s, incluant la\u00a0<strong>compr\u00e9hension orale<\/strong>, l&#8217;expression et la m\u00e9diation culturelle. Enfin, les textes soulignent l&#8217;importance d&#8217;un\u00a0<strong>ancrage culturel concret<\/strong>\u00a0et d&#8217;une perspective actionnelle o\u00f9 l&#8217;\u00e9l\u00e8ve apprend \u00e0 agir et \u00e0 communiquer dans des situations du quotidien.<\/p>\n\n\n\n<p class=\"wp-block-paragraph\"><strong>Cycle 2<\/strong> : Programme de langues vivantes \u00e9trang\u00e8res et r\u00e9gionales pour le cycle 2<\/p>\n\n\n\n<div data-wp-interactive=\"core\/file\" class=\"wp-block-file\"><object data-wp-bind--hidden=\"!state.hasPdfPreview\" hidden class=\"wp-block-file__embed\" data=\"https:\/\/site.ac-martinique.fr\/pole-langues\/wp-content\/uploads\/sites\/28\/2026\/06\/Annexe-1-\u2013-Programme-de-langues-vivantes-etrangeres-et-regionales-pour-le-cycle-2-481187.pdf\" type=\"application\/pdf\" style=\"width:100%;height:600px\" aria-label=\"Contenu embarqu\u00e9 Annexe 1 \u2013 Programme de langues vivantes \u00e9trang\u00e8res et r\u00e9gionales pour le cycle 2 -481187.\"><\/object><a id=\"wp-block-file--media-67d3c953-7d99-4051-aa9c-910bda992313\" href=\"https:\/\/site.ac-martinique.fr\/pole-langues\/wp-content\/uploads\/sites\/28\/2026\/06\/Annexe-1-\u2013-Programme-de-langues-vivantes-etrangeres-et-regionales-pour-le-cycle-2-481187.pdf\">Annexe 1 \u2013 Programme de langues vivantes \u00e9trang\u00e8res et r\u00e9gionales pour le cycle 2 -481187<\/a><a href=\"https:\/\/site.ac-martinique.fr\/pole-langues\/wp-content\/uploads\/sites\/28\/2026\/06\/Annexe-1-\u2013-Programme-de-langues-vivantes-etrangeres-et-regionales-pour-le-cycle-2-481187.pdf\" class=\"wp-block-file__button wp-element-button\" download aria-describedby=\"wp-block-file--media-67d3c953-7d99-4051-aa9c-910bda992313\">T\u00e9l\u00e9charger<\/a><\/div>\n\n\n\n<p class=\"wp-block-paragraph\"><strong>Cycle 3<\/strong> : Programme de langues vivantes \u00e9trang\u00e8res et r\u00e9gionales pour le cycle 3<\/p>\n\n\n\n<div data-wp-interactive=\"core\/file\" class=\"wp-block-file\"><object data-wp-bind--hidden=\"!state.hasPdfPreview\" hidden class=\"wp-block-file__embed\" data=\"https:\/\/site.ac-martinique.fr\/pole-langues\/wp-content\/uploads\/sites\/28\/2026\/06\/Annexe-2-\u2013-Programme-de-langues-vivantes-etrangeres-et-regionales-pour-les-classes-de-cours-moyen-cycle-3-481190.pdf\" type=\"application\/pdf\" style=\"width:100%;height:600px\" aria-label=\"Contenu embarqu\u00e9 Annexe 2 \u2013 Programme de langues vivantes \u00e9trang\u00e8res et r\u00e9gionales pour les classes de cours moyen (cycle 3)-481190.\"><\/object><a id=\"wp-block-file--media-c719b44d-dfc2-4795-85d6-12b0662e5e70\" href=\"https:\/\/site.ac-martinique.fr\/pole-langues\/wp-content\/uploads\/sites\/28\/2026\/06\/Annexe-2-\u2013-Programme-de-langues-vivantes-etrangeres-et-regionales-pour-les-classes-de-cours-moyen-cycle-3-481190.pdf\">Annexe 2 \u2013 Programme de langues vivantes \u00e9trang\u00e8res et r\u00e9gionales pour les classes de cours moyen (cycle 3)-481190<\/a><a href=\"https:\/\/site.ac-martinique.fr\/pole-langues\/wp-content\/uploads\/sites\/28\/2026\/06\/Annexe-2-\u2013-Programme-de-langues-vivantes-etrangeres-et-regionales-pour-les-classes-de-cours-moyen-cycle-3-481190.pdf\" class=\"wp-block-file__button wp-element-button\" download aria-describedby=\"wp-block-file--media-c719b44d-dfc2-4795-85d6-12b0662e5e70\">T\u00e9l\u00e9charger<\/a><\/div>\n\n\n\n<p>\u00a0<\/p>\r\n<h2><span style=\"color: #0000ff;\"><strong>Cadre institutionnel<\/strong><\/span><\/h2>\r\n<p>\u00a0<\/p>\r\n<p>Plan d&#8217;actions: <a href=\"https:\/\/eduscol.education.fr\/1285\/un-plan-d-actions-pour-une-meilleure-maitrise-des-langues-vivantes-etrangeres\">cliquer ici<\/a><\/p>\r\n<p>Plan langues vivantes : <a href=\"https:\/\/eduscol.education.fr\/document\/2294\/download?attachment\">cliquer ici<\/a><\/p>\r\n<p>\u00a0Propositions pour une meilleure ma\u00eetrise des langues vivantes \u00e9trang\u00e8res, oser dire le nouveau monde \u00bb :\u00a0 \u00a0<a href=\"https:\/\/eduscol.education.fr\/document\/2297\/download?attachment\">cliquer ici<\/a><\/p>\r\n<p>CECRL: <a href=\"https:\/\/eduscol.education.fr\/1971\/cadre-europeen-commun-de-reference-pour-les-langues-cecrl\">cliquer ici<\/a><\/p>\r\n<h3><span style=\"color: #333399;\"><strong>Enseigner une LVE \u00e0 la maternelle<\/strong><\/span><\/h3>\r\n<ul>\r\n<li><a href=\"https:\/\/www.education.gouv.fr\/pid285\/bulletin_officiel.html?cid_bo=142292\">B.O.<\/a> n\u00b0 22 du 29 mai 2019<\/li>\r\n<li>\r\n<p>Programme d&#8217;enseignement : modification <a class=\"link-to-summary-bo\" href=\"https:\/\/www.education.gouv.fr\/pid285\/bulletin_officiel.html?pid_bo=40404\" hreflang=\"fr\">Bulletin officiel n\u00b025 du 24 juin 2021<\/a><\/p>\r\n<\/li>\r\n<\/ul>\r\n<h3><strong><span style=\"color: #333399;\">Enseigner une LVE \u00e0 l&#8217;\u00e9cole \u00e9l\u00e9mentaire<\/span><\/strong><\/h3>\r\n<ul>\r\n<li>Programme <a href=\"https:\/\/eduscol.education.fr\/84\/j-enseigne-au-cycle-2\">cycle 2<\/a><\/li>\r\n<li>Programme <a href=\"https:\/\/eduscol.education.fr\/87\/j-enseigne-au-cycle-3\">cycle 3<\/a><\/li>\r\n<\/ul>\r\n<p>Les documents d&#8217;accompagnement EDUSCOL pour l&#8217;enseignement des langues vivantes au cycles 2, 3\u00a0<\/p>\r\n<ul>\r\n<li>\r\n<p id=\"summary-item-3\"><a href=\"https:\/\/eduscol.education.fr\/document\/14548\/download\">Cr\u00e9er un environnement propice \u00e0 l&#8217;apprentissage<\/a><\/p>\r\n<\/li>\r\n<li>\r\n<p id=\"summary-item-4\">\u00c9laborer <a href=\"https:\/\/eduscol.education.fr\/document\/14551\/download\">une progression coh\u00e9rente<\/a><\/p>\r\n<\/li>\r\n<li>\r\n<p id=\"summary-item-5\">Ancrer l&#8217;<a href=\"https:\/\/eduscol.education.fr\/document\/14644\/download\">apprentissage dans la culture<\/a><\/p>\r\n<\/li>\r\n<li>\r\n<p id=\"summary-item-6\"><a href=\"https:\/\/eduscol.education.fr\/document\/14716\/download\">Croiser les enseignements et les pratiques<\/a><\/p>\r\n<\/li>\r\n<li>\r\n<p id=\"summary-item-6\"><a href=\"https:\/\/eduscol.education.fr\/document\/14749\/download\">Document ressources pour l&#8217;\u00e9valuation<\/a><\/p>\r\n<\/li>\r\n<li><a href=\"https:\/\/eduscol.education.fr\/2974\/enseigner-l-anglais-l-ecole-avec-captain-kelly\">Captain Kelly, un assistant vocal pour l\u2019\u00e9ducation<\/a><\/li>\r\n<\/ul>\r\n<p>\u00a0<\/p>\r\n<p>\u00a0<\/p>\r\n<h2><strong>Plan d&#8217;actions\u00a0 LVE pour une continuit\u00e9 des apprentissages<\/strong><\/h2>\n\n\n\n<figure class=\"wp-block-image size-full\"><a href=\"https:\/\/site.ac-martinique.fr\/pole-langues\/wp-content\/uploads\/sites\/28\/2025\/09\/Plan-dactions.jpg\"><img loading=\"lazy\" decoding=\"async\" width=\"534\" height=\"491\" src=\"https:\/\/site.ac-martinique.fr\/pole-langues\/wp-content\/uploads\/sites\/28\/2025\/09\/Plan-dactions.jpg\" alt=\"\" class=\"wp-image-4615\" srcset=\"https:\/\/site.ac-martinique.fr\/pole-langues\/wp-content\/uploads\/sites\/28\/2025\/09\/Plan-dactions.jpg 534w, https:\/\/site.ac-martinique.fr\/pole-langues\/wp-content\/uploads\/sites\/28\/2025\/09\/Plan-dactions-300x276.jpg 300w\" sizes=\"auto, (max-width: 534px) 100vw, 534px\" \/><\/a><\/figure>\n\n\n\n<h2 class=\"wp-block-heading has-text-align-left\"><strong>Activities for<\/strong> <strong>Christmas <\/strong><\/h2>\n\n\n\n<p class=\"wp-block-paragraph\">S\u00e9quence sur le th\u00e8me de No\u00ebl:<\/p>\n\n\n\n<p class=\"wp-block-paragraph\">No\u00ebl en Grande Bretagne ou No\u00ebl aux Etats Unis. Voici une occasion d&#8217;ouvrir les \u00e9l\u00e8ves sur le monde en leur permettant de d\u00e9couvrir une f\u00eate calendaire qu&#8217;ils aiment tous.<\/p>\n\n\n\n<p class=\"wp-block-paragraph\">S\u00e9quence No\u00ebl cycle 1<\/p>\n\n\n\n<p class=\"wp-block-paragraph\">S\u00e9quence N\u00f6el cycle 2<\/p>\n\n\n\n<p class=\"wp-block-paragraph\">S\u00e9quence No\u00ebl cycle 3<\/p>\n\n\n\n<p class=\"wp-block-paragraph\">Autres activit\u00e9s : clique sur le lien <a href=\"https:\/\/site.ac-martinique.fr\/pole-langues\/?page_id=3868\">https:\/\/site.ac-martinique.fr\/pole-langues\/?page_id=3868<\/a><\/p>\n\n\n\n<h2 class=\"wp-block-heading has-text-align-center\"><strong>Enseignement EMILE<\/strong><\/h2>\n\n\n\n<p class=\"wp-block-paragraph\">Ressources pour enseigner les langues vivantes autrement.<\/p>\n\n\n\n<p class=\"wp-block-paragraph\">Go on this page: cliquer  ici<\/p>\n\n\n\n<h3 class=\"wp-block-heading has-text-align-center\"><strong>PROJET BOITE A HISTOIRES<\/strong><\/h3>\n\n\n\n<p class=\"wp-block-paragraph\">Ouvrons la boite \u00e0 histoires!<\/p>\n\n\n\n<p class=\"wp-block-paragraph\">Rentrons dans l&#8217;imaginaire avec les objets symboliques, explorons le monde en exposant les \u00e9l\u00e8ves \u00e0 diff\u00e9rentes langues vivantes. <\/p>\n\n\n\n<p class=\"wp-block-paragraph\"><a href=\"https:\/\/site.ac-martinique.fr\/pole-langues\/?page_id=3292\">Padlet &#8220;Boite \u00e0 histoires&#8221;<\/a><\/p>\n\n\n\n<p class=\"has-text-align-left wp-block-paragraph\"><strong>Journ\u00e9e europ\u00e9enne des langue<\/strong>s  le 26 septembre : Clique <a href=\"https:\/\/eduscol.education.fr\/3325\/la-journee-europeenne-des-langues-26-septembre\">ici<\/a><\/p>\n\n\n\n<p class=\"wp-block-paragraph\"><strong>Assistant&#8217;s day<\/strong> dans les \u00e9coles du 13 au 18 octobre 2025.<\/p>\n\n\n\n<p class=\"wp-block-paragraph\"><\/p>\n\n\n\n<p class=\"wp-block-paragraph\"><\/p>\n\n\n\n<p class=\"wp-block-paragraph\"><\/p>\n\n\n\n<h2 class=\"wp-block-heading\"><strong>2024-2025 : That was last year !<\/strong><\/h2>\n\n\n\n<p class=\"has-text-align-center wp-block-paragraph\"><strong>SEMAINE DES LANGUES 2025 : DU 17 AU 22 MARS 2025<\/strong><\/p>\n\n\n\n<p class=\"wp-block-paragraph\">R\u00e9trospective  semaine des langues 2025 avec le magazine  &#8220;Language corner&#8221; n\u00b0 12<\/p>\n\n\n\n<p class=\"wp-block-paragraph\"><a href=\"https:\/\/madmagz.app\/fr\/viewer\/67e58a6d6e2d96001336ff33\">https:\/\/madmagz.app\/fr\/viewer\/67e58a6d6e2d96001336ff33<\/a><\/p>\n\n\n\n<p class=\"wp-block-paragraph\">Pour cette dixi\u00e8me \u00e9dition, la th\u00e9matique retenue \u00e9tait :<\/p>\n\n\n\n<p class=\"wp-block-paragraph\"><strong>&#8220;Des langues pour cr\u00e9er, innover et s\u2019engager !&#8221;<\/strong><\/p>\n\n\n\n<figure class=\"wp-block-image size-large\"><a href=\"https:\/\/site.ac-martinique.fr\/pole-langues\/wp-content\/uploads\/sites\/28\/2025\/03\/AFFICHE-SDL-Des-langues-pour-creer-innover-et-sengager.png\"><img loading=\"lazy\" decoding=\"async\" width=\"768\" height=\"1024\" src=\"https:\/\/site.ac-martinique.fr\/pole-langues\/wp-content\/uploads\/sites\/28\/2025\/03\/AFFICHE-SDL-Des-langues-pour-creer-innover-et-sengager-768x1024.png\" alt=\"\" class=\"wp-image-4598\" srcset=\"https:\/\/site.ac-martinique.fr\/pole-langues\/wp-content\/uploads\/sites\/28\/2025\/03\/AFFICHE-SDL-Des-langues-pour-creer-innover-et-sengager-768x1024.png 768w, https:\/\/site.ac-martinique.fr\/pole-langues\/wp-content\/uploads\/sites\/28\/2025\/03\/AFFICHE-SDL-Des-langues-pour-creer-innover-et-sengager-225x300.png 225w, https:\/\/site.ac-martinique.fr\/pole-langues\/wp-content\/uploads\/sites\/28\/2025\/03\/AFFICHE-SDL-Des-langues-pour-creer-innover-et-sengager-1152x1536.png 1152w, https:\/\/site.ac-martinique.fr\/pole-langues\/wp-content\/uploads\/sites\/28\/2025\/03\/AFFICHE-SDL-Des-langues-pour-creer-innover-et-sengager-1536x2048.png 1536w, https:\/\/site.ac-martinique.fr\/pole-langues\/wp-content\/uploads\/sites\/28\/2025\/03\/AFFICHE-SDL-Des-langues-pour-creer-innover-et-sengager.png 1728w\" sizes=\"auto, (max-width: 768px) 100vw, 768px\" \/><\/a><\/figure>\n\n\n\n<p class=\"wp-block-paragraph\"><\/p>\n\n\n\n<p class=\"wp-block-paragraph\">Pour cl\u00f4turer cette 10<sup>\u00e8me<\/sup> \u00e9dition, la mission LVE a organis\u00e9 la finale du concours d\u2019\u00e9pellation acad\u00e9mique, \u00ab Spelling Contest \u00bb le 09 mai 2025.<\/p>\n\n\n\n<p class=\"wp-block-paragraph\">Cette ann\u00e9e aussi tu pourras participer \u00e0 la procaine finale qui aura lieu au mois mai 2026 <\/p>\n\n\n\n<p class=\"wp-block-paragraph\">You want to practice? Flash the QR code you see below. You can do it!<\/p>\n\n\n\n<figure class=\"wp-block-image size-large is-resized\"><a href=\"https:\/\/site.ac-martinique.fr\/pole-langues\/wp-content\/uploads\/sites\/28\/2023\/12\/SBC3-scaled.jpg\"><img loading=\"lazy\" decoding=\"async\" width=\"1024\" height=\"683\" src=\"https:\/\/site.ac-martinique.fr\/pole-langues\/wp-content\/uploads\/sites\/28\/2023\/12\/SBC3-1024x683.jpg\" alt=\"\" class=\"wp-image-4522\" style=\"width:431px;height:auto\" srcset=\"https:\/\/site.ac-martinique.fr\/pole-langues\/wp-content\/uploads\/sites\/28\/2023\/12\/SBC3-1024x683.jpg 1024w, https:\/\/site.ac-martinique.fr\/pole-langues\/wp-content\/uploads\/sites\/28\/2023\/12\/SBC3-300x200.jpg 300w, https:\/\/site.ac-martinique.fr\/pole-langues\/wp-content\/uploads\/sites\/28\/2023\/12\/SBC3-768x512.jpg 768w, https:\/\/site.ac-martinique.fr\/pole-langues\/wp-content\/uploads\/sites\/28\/2023\/12\/SBC3-1536x1024.jpg 1536w, https:\/\/site.ac-martinique.fr\/pole-langues\/wp-content\/uploads\/sites\/28\/2023\/12\/SBC3-2048x1365.jpg 2048w\" sizes=\"auto, (max-width: 1024px) 100vw, 1024px\" \/><\/a><\/figure>\n\n\n\n<p class=\"wp-block-paragraph\"><\/p>\n\n\n\n<p class=\"wp-block-paragraph\">Visualiser le  num\u00e9ro du  magazine de la mission. Click sur le lien ci-dessous.<\/p>\n\n\n\n<p class=\"wp-block-paragraph\"><a href=\"https:\/\/madmagz.app\/fr\/viewer\/677c1f6df9a0c40014690278\">Language corner n\u00b011<\/a><\/p>\n\n\n\n\n<div class=\"wp-block-image\">\n<figure class=\"aligncenter size-full is-resized\"><a href=\"https:\/\/site.ac-martinique.fr\/pole-langues\/wp-content\/uploads\/sites\/28\/2022\/11\/Image-BAH-1.png\"><img loading=\"lazy\" decoding=\"async\" width=\"527\" height=\"264\" src=\"https:\/\/site.ac-martinique.fr\/pole-langues\/wp-content\/uploads\/sites\/28\/2022\/11\/Image-BAH-1.png\" alt=\"\" class=\"wp-image-3911\" style=\"width:311px;height:156px\" srcset=\"https:\/\/site.ac-martinique.fr\/pole-langues\/wp-content\/uploads\/sites\/28\/2022\/11\/Image-BAH-1.png 527w, https:\/\/site.ac-martinique.fr\/pole-langues\/wp-content\/uploads\/sites\/28\/2022\/11\/Image-BAH-1-300x150.png 300w\" sizes=\"auto, (max-width: 527px) 100vw, 527px\" \/><\/a><\/figure>\n<\/div>\n\n\n<p class=\"wp-block-paragraph\"><\/p>\n\n\n\n<p class=\"wp-block-paragraph\">Lien vers les activit\u00e9s pour P\u00e2ques: <a href=\"https:\/\/site.ac-martinique.fr\/pole-langues\/?page_id=4315\">click here!<\/a><\/p>\n\n\n\n<p class=\"wp-block-paragraph\"><\/p>\n\n\n\n<p class=\"wp-block-paragraph\"><\/p>\n\n\n\n<p class=\"wp-block-paragraph\"><\/p>\n\n\n\n<p class=\"wp-block-paragraph\"><\/p>\n\n\n\n<p class=\"wp-block-paragraph\"><\/p>\n\n\n\n<p class=\"wp-block-paragraph\"><\/p>\n\n\n\n<p class=\"wp-block-paragraph\"><\/p>\n\n\n\n<p class=\"wp-block-paragraph\"><\/p>\n\n\n\n<p class=\"wp-block-paragraph\"><\/p>\n\n\n\n<p class=\"wp-block-paragraph\"><\/p>\n\n\n\n<h2>&nbsp;<\/h2>\n<p>&nbsp;<\/p>\n\n\n\n\n\n\n\n\n\n\n\n\n\n\n\n\n\n\n\n\n\n\n\n<p class=\"wp-block-paragraph\"><\/p>\n","protected":false},"excerpt":{"rendered":"<p>Podcasts pour r\u00e9viser : [Cliquez ici] pour acc\u00e9der &#8212;&#8212;&#8212;&#8212;&#8212;&#8212;&#8212;&#8212;&#8212;&#8212;&#8212;&#8212;&#8212;&#8212;&#8212;&#8212;&#8212;&#8212;&#8212;&#8212;&#8212;&#8212;&#8212;&#8212;&#8212;&#8212;&#8212;- Nouveaux programmes Ces documents d\u00e9finissent les programmes de langues vivantes pour le cycle 2 et 3, visant l&#8217;acquisition de premi\u00e8res comp\u00e9tences linguistiques et culturelles. Ils structurent les apprentissages autour de la &hellip; <a href=\"https:\/\/site.ac-martinique.fr\/pole-langues\/?page_id=1889\">Continuer la lecture <span class=\"meta-nav\">&rarr;<\/span><\/a><\/p>\n","protected":false},"author":87,"featured_media":0,"parent":0,"menu_order":0,"comment_status":"closed","ping_status":"closed","template":"","meta":{"footnotes":""},"class_list":["post-1889","page","type-page","status-publish","hentry"],"_links":{"self":[{"href":"https:\/\/site.ac-martinique.fr\/pole-langues\/index.php?rest_route=\/wp\/v2\/pages\/1889","targetHints":{"allow":["GET"]}}],"collection":[{"href":"https:\/\/site.ac-martinique.fr\/pole-langues\/index.php?rest_route=\/wp\/v2\/pages"}],"about":[{"href":"https:\/\/site.ac-martinique.fr\/pole-langues\/index.php?rest_route=\/wp\/v2\/types\/page"}],"author":[{"embeddable":true,"href":"https:\/\/site.ac-martinique.fr\/pole-langues\/index.php?rest_route=\/wp\/v2\/users\/87"}],"replies":[{"embeddable":true,"href":"https:\/\/site.ac-martinique.fr\/pole-langues\/index.php?rest_route=%2Fwp%2Fv2%2Fcomments&post=1889"}],"version-history":[{"count":259,"href":"https:\/\/site.ac-martinique.fr\/pole-langues\/index.php?rest_route=\/wp\/v2\/pages\/1889\/revisions"}],"predecessor-version":[{"id":4653,"href":"https:\/\/site.ac-martinique.fr\/pole-langues\/index.php?rest_route=\/wp\/v2\/pages\/1889\/revisions\/4653"}],"wp:attachment":[{"href":"https:\/\/site.ac-martinique.fr\/pole-langues\/index.php?rest_route=%2Fwp%2Fv2%2Fmedia&parent=1889"}],"curies":[{"name":"wp","href":"https:\/\/api.w.org\/{rel}","templated":true}]}}