{"id":1610,"date":"2022-10-05T01:23:59","date_gmt":"2022-10-05T00:23:59","guid":{"rendered":"https:\/\/site.ac-martinique.fr\/pole-maternelle\/?page_id=1610"},"modified":"2022-10-05T01:23:59","modified_gmt":"2022-10-05T00:23:59","slug":"programmations-de-cycle","status":"publish","type":"page","link":"https:\/\/site.ac-martinique.fr\/pole-maternelle\/programmations-de-cycle\/","title":{"rendered":"Programmations de cycle"},"content":{"rendered":"\n<div class=\"wp-block-media-text alignwide has-media-on-the-right is-stacked-on-mobile is-vertically-aligned-center\"><figure class=\"wp-block-media-text__media\"><img loading=\"lazy\" decoding=\"async\" width=\"545\" height=\"372\" src=\"https:\/\/site.ac-martinique.fr\/pole-maternelle\/wp-content\/uploads\/sites\/27\/2022\/10\/programmation-ecrit-cycle-1-globale-image.png\" alt=\"\" class=\"wp-image-1612 size-full\" srcset=\"https:\/\/site.ac-martinique.fr\/pole-maternelle\/wp-content\/uploads\/sites\/27\/2022\/10\/programmation-ecrit-cycle-1-globale-image.png 545w, https:\/\/site.ac-martinique.fr\/pole-maternelle\/wp-content\/uploads\/sites\/27\/2022\/10\/programmation-ecrit-cycle-1-globale-image-300x205.png 300w, https:\/\/site.ac-martinique.fr\/pole-maternelle\/wp-content\/uploads\/sites\/27\/2022\/10\/programmation-ecrit-cycle-1-globale-image-440x300.png 440w\" sizes=\"auto, (max-width: 545px) 100vw, 545px\" \/><\/figure><div class=\"wp-block-media-text__content\">\n<p><a href=\"https:\/\/site.ac-martinique.fr\/pole-maternelle\/wp-content\/uploads\/sites\/27\/2022\/10\/Programmation-ecrit-cycle-1-Programmation-globale.docx\">Construire un parcours d&rsquo;\u00e9crivain au cycle 1: <strong>programmation globale<\/strong><\/a><\/p>\n<\/div><\/div>\n\n\n\n<div class=\"wp-block-media-text alignwide has-media-on-the-right is-stacked-on-mobile\"><figure class=\"wp-block-media-text__media\"><img loading=\"lazy\" decoding=\"async\" width=\"767\" height=\"332\" src=\"https:\/\/site.ac-martinique.fr\/pole-maternelle\/wp-content\/uploads\/sites\/27\/2022\/10\/Programmation-ecrit-cycle-1.png\" alt=\"\" class=\"wp-image-1606 size-full\" srcset=\"https:\/\/site.ac-martinique.fr\/pole-maternelle\/wp-content\/uploads\/sites\/27\/2022\/10\/Programmation-ecrit-cycle-1.png 767w, https:\/\/site.ac-martinique.fr\/pole-maternelle\/wp-content\/uploads\/sites\/27\/2022\/10\/Programmation-ecrit-cycle-1-300x130.png 300w, https:\/\/site.ac-martinique.fr\/pole-maternelle\/wp-content\/uploads\/sites\/27\/2022\/10\/Programmation-ecrit-cycle-1-500x216.png 500w\" sizes=\"auto, (max-width: 767px) 100vw, 767px\" \/><\/figure><div class=\"wp-block-media-text__content\">\n<p><a href=\"https:\/\/site.ac-martinique.fr\/pole-maternelle\/wp-content\/uploads\/sites\/27\/2022\/10\/Programmation-ecrit-cycle-1-Commencer-a-ecrire-seul.docx\">Construire un parcours d&rsquo;\u00e9crivain au cycle 1: <strong>programmation ax\u00e9e sur la focale \u00ab\u00a0commencer \u00e0 \u00e9crire seul\u00a0\u00bb<\/strong><\/a><\/p>\n<\/div><\/div>\n\n\n\n<div class=\"wp-block-media-text alignwide has-media-on-the-right is-stacked-on-mobile\"><figure class=\"wp-block-media-text__media\"><img loading=\"lazy\" decoding=\"async\" width=\"606\" height=\"412\" src=\"https:\/\/site.ac-martinique.fr\/pole-maternelle\/wp-content\/uploads\/sites\/27\/2022\/04\/Progression.png\" alt=\"\" class=\"wp-image-1557 size-full\" srcset=\"https:\/\/site.ac-martinique.fr\/pole-maternelle\/wp-content\/uploads\/sites\/27\/2022\/04\/Progression.png 606w, https:\/\/site.ac-martinique.fr\/pole-maternelle\/wp-content\/uploads\/sites\/27\/2022\/04\/Progression-300x204.png 300w, https:\/\/site.ac-martinique.fr\/pole-maternelle\/wp-content\/uploads\/sites\/27\/2022\/04\/Progression-441x300.png 441w\" sizes=\"auto, (max-width: 606px) 100vw, 606px\" \/><\/figure><div class=\"wp-block-media-text__content\">\n<p><a href=\"https:\/\/site.ac-martinique.fr\/pole-maternelle\/wp-content\/uploads\/sites\/27\/2022\/10\/Programmation-production-decrits-cycle-2-1.docx\">Construire un parcours d&rsquo;\u00e9crivain au cycle 2 : <strong>Programmation relative \u00e0 la production d&rsquo;\u00e9crits<\/strong><\/a><\/p>\n<\/div><\/div>\n\n\n\n<div class=\"wp-block-media-text alignwide has-media-on-the-right is-stacked-on-mobile\"><figure class=\"wp-block-media-text__media\"><img loading=\"lazy\" decoding=\"async\" width=\"652\" height=\"394\" src=\"https:\/\/site.ac-martinique.fr\/pole-maternelle\/wp-content\/uploads\/sites\/27\/2022\/10\/programmation-resolution-de-problemes-image.png\" alt=\"\" class=\"wp-image-1614 size-full\" srcset=\"https:\/\/site.ac-martinique.fr\/pole-maternelle\/wp-content\/uploads\/sites\/27\/2022\/10\/programmation-resolution-de-problemes-image.png 652w, https:\/\/site.ac-martinique.fr\/pole-maternelle\/wp-content\/uploads\/sites\/27\/2022\/10\/programmation-resolution-de-problemes-image-300x181.png 300w, https:\/\/site.ac-martinique.fr\/pole-maternelle\/wp-content\/uploads\/sites\/27\/2022\/10\/programmation-resolution-de-problemes-image-496x300.png 496w\" sizes=\"auto, (max-width: 652px) 100vw, 652px\" \/><\/figure><div class=\"wp-block-media-text__content\">\n<p><strong><a href=\"https:\/\/site.ac-martinique.fr\/pole-maternelle\/wp-content\/uploads\/sites\/27\/2022\/10\/Programmation-resolution-de-problemes-MM-2022-1.docx\">Programmation en r\u00e9solution de probl\u00e8mes au cycle 1<\/a><\/strong><\/p>\n<\/div><\/div>\n","protected":false},"excerpt":{"rendered":"<p>Construire un parcours d&rsquo;\u00e9crivain au cycle 1: programmation globale Construire un parcours d&rsquo;\u00e9crivain au cycle 1: programmation ax\u00e9e sur la focale \u00ab\u00a0commencer \u00e0 \u00e9crire seul\u00a0\u00bb Construire un parcours d&rsquo;\u00e9crivain au cycle 2 : Programmation relative \u00e0 la production d&rsquo;\u00e9crits Programmation en r\u00e9solution de probl\u00e8mes au cycle 1<\/p>\n","protected":false},"author":296,"featured_media":0,"parent":0,"menu_order":0,"comment_status":"closed","ping_status":"closed","template":"","meta":{"footnotes":""},"class_list":["post-1610","page","type-page","status-publish","hentry","nodate","item-wrap"],"_links":{"self":[{"href":"https:\/\/site.ac-martinique.fr\/pole-maternelle\/wp-json\/wp\/v2\/pages\/1610","targetHints":{"allow":["GET"]}}],"collection":[{"href":"https:\/\/site.ac-martinique.fr\/pole-maternelle\/wp-json\/wp\/v2\/pages"}],"about":[{"href":"https:\/\/site.ac-martinique.fr\/pole-maternelle\/wp-json\/wp\/v2\/types\/page"}],"author":[{"embeddable":true,"href":"https:\/\/site.ac-martinique.fr\/pole-maternelle\/wp-json\/wp\/v2\/users\/296"}],"replies":[{"embeddable":true,"href":"https:\/\/site.ac-martinique.fr\/pole-maternelle\/wp-json\/wp\/v2\/comments?post=1610"}],"version-history":[{"count":4,"href":"https:\/\/site.ac-martinique.fr\/pole-maternelle\/wp-json\/wp\/v2\/pages\/1610\/revisions"}],"predecessor-version":[{"id":1623,"href":"https:\/\/site.ac-martinique.fr\/pole-maternelle\/wp-json\/wp\/v2\/pages\/1610\/revisions\/1623"}],"wp:attachment":[{"href":"https:\/\/site.ac-martinique.fr\/pole-maternelle\/wp-json\/wp\/v2\/media?parent=1610"}],"curies":[{"name":"wp","href":"https:\/\/api.w.org\/{rel}","templated":true}]}}