{"id":4277,"date":"2021-08-23T05:16:31","date_gmt":"2021-08-23T04:16:31","guid":{"rendered":"https:\/\/site.ac-martinique.fr\/svt\/?page_id=4277"},"modified":"2021-08-23T05:16:31","modified_gmt":"2021-08-23T04:16:31","slug":"rendez-vous-de-carriere","status":"publish","type":"page","link":"https:\/\/site.ac-martinique.fr\/svt\/?page_id=4277","title":{"rendered":"Rendez-vous de carri\u00e8re"},"content":{"rendered":"\n<p>Le rendez-vous de carri\u00e8re se tient en moyenne tous les 7 ans, et permet de faire le point sur le chemin parcouru professionnellement. Il s&rsquo;agit d&rsquo;un temps d&rsquo;\u00e9change sur les comp\u00e9tences acquises et sur les perspectives d&rsquo;\u00e9volution professionnelle.<\/p>\n\n\n\n<p class=\"has-vivid-green-cyan-color has-text-color\"><a href=\"https:\/\/www.education.gouv.fr\/rendez-vous-de-carriere-mode-d-emploi-41627\" data-type=\"URL\" data-id=\"https:\/\/www.education.gouv.fr\/rendez-vous-de-carriere-mode-d-emploi-41627\" target=\"_blank\" rel=\"noreferrer noopener\">Guide du rendez-vous de carri\u00e8re<\/a><\/p>\n\n\n\n<p>En plus du document de r\u00e9f\u00e9rence pour l&rsquo;entretien, vous avez la possibilit\u00e9 de pr\u00e9senter tous documents permettant d&rsquo;appr\u00e9cier votre parcours et vos implication au sein de votre \u00e9tablissement.<\/p>\n\n\n\n<p class=\"has-vivid-red-color has-white-background-color has-text-color has-background\"><strong>Documents pouvant \u00eatre pr\u00e9sent\u00e9s\u00a0:<\/strong><\/p>\n\n\n\n<ul class=\"wp-block-list\"><li>Acc\u00e8s&nbsp;aux cahiers de textes num\u00e9riques plusieurs jours avant le rendez-vous&nbsp;;&nbsp;:<\/li><li>L\u2019extraction I-Prof<\/li><li>Les programmations annuelles\/de cycle<\/li><li>La progression de la s\u00e9quence en cours<\/li><li>Les \u00e9valuations (\u00e9nonc\u00e9s et copies corrig\u00e9es d\u2019\u00e9l\u00e8ves) de tous les niveaux enseign\u00e9s<\/li><li>Des \u00e9chantillons de bulletins trimestriels ou bilans p\u00e9riodiques<\/li><li>L\u2019ensemble des documents t\u00e9moignant des projets et actions men\u00e9s par vos soins dans l\u2019\u00e9tablissement, au niveau acad\u00e9mique ou national.<\/li><li>Des classeurs ou cahiers d\u2019\u00e9l\u00e8ves de tous les niveaux enseign\u00e9s<\/li><\/ul>\n\n\n\n<p><\/p>\n","protected":false},"excerpt":{"rendered":"<p>Le rendez-vous de carri\u00e8re se tient en moyenne tous les 7 ans, et permet de faire le point sur le chemin parcouru professionnellement. Il s&rsquo;agit d&rsquo;un temps d&rsquo;\u00e9change sur les comp\u00e9tences acquises et sur les perspectives d&rsquo;\u00e9volution professionnelle. Guide du rendez-vous de carri\u00e8re En plus du document de r\u00e9f\u00e9rence pour l&rsquo;entretien, vous avez la possibilit\u00e9 &hellip; <\/p>\n<p><a class=\"more-link btn\" href=\"https:\/\/site.ac-martinique.fr\/svt\/?page_id=4277\">Lire la suite<\/a><\/p>\n","protected":false},"author":253,"featured_media":0,"parent":0,"menu_order":0,"comment_status":"closed","ping_status":"closed","template":"","meta":{"footnotes":""},"class_list":["post-4277","page","type-page","status-publish","hentry","nodate","item-wrap"],"_links":{"self":[{"href":"https:\/\/site.ac-martinique.fr\/svt\/index.php?rest_route=\/wp\/v2\/pages\/4277","targetHints":{"allow":["GET"]}}],"collection":[{"href":"https:\/\/site.ac-martinique.fr\/svt\/index.php?rest_route=\/wp\/v2\/pages"}],"about":[{"href":"https:\/\/site.ac-martinique.fr\/svt\/index.php?rest_route=\/wp\/v2\/types\/page"}],"author":[{"embeddable":true,"href":"https:\/\/site.ac-martinique.fr\/svt\/index.php?rest_route=\/wp\/v2\/users\/253"}],"replies":[{"embeddable":true,"href":"https:\/\/site.ac-martinique.fr\/svt\/index.php?rest_route=%2Fwp%2Fv2%2Fcomments&post=4277"}],"version-history":[{"count":1,"href":"https:\/\/site.ac-martinique.fr\/svt\/index.php?rest_route=\/wp\/v2\/pages\/4277\/revisions"}],"predecessor-version":[{"id":4278,"href":"https:\/\/site.ac-martinique.fr\/svt\/index.php?rest_route=\/wp\/v2\/pages\/4277\/revisions\/4278"}],"wp:attachment":[{"href":"https:\/\/site.ac-martinique.fr\/svt\/index.php?rest_route=%2Fwp%2Fv2%2Fmedia&parent=4277"}],"curies":[{"name":"wp","href":"https:\/\/api.w.org\/{rel}","templated":true}]}}