{"id":4573,"date":"2021-08-25T15:46:17","date_gmt":"2021-08-25T14:46:17","guid":{"rendered":"https:\/\/site.ac-martinique.fr\/svt\/?page_id=4573"},"modified":"2021-08-25T18:32:32","modified_gmt":"2021-08-25T17:32:32","slug":"fiches-programme-1ere-specialite","status":"publish","type":"page","link":"https:\/\/site.ac-martinique.fr\/svt\/?page_id=4573","title":{"rendered":"Fiches programme : 1\u00e8re Sp\u00e9cialit\u00e9"},"content":{"rendered":"\n<p>Produites par le groupe de formateurs acad\u00e9miques, ces fiches mettent en lien pr\u00e9ambule, introduction et contenu de chacun des chapitres et sous chapitres des programmes.  Elles rep\u00e8rent les nouveaut\u00e9s, les acquis, des utilisations possibles du num\u00e9rique et les exemples et ressources locales sur lesquels il est envisageable de s\u2019appuyer. Elles indiquent \u00e9galement les liens possibles avec les \u00e9ducations transversales, les ouvertures formations et m\u00e9tiers et le cas \u00e9ch\u00e9ant les ressources avec la lithoth\u00e8que.<\/p>\n\n\n\n<h5 class=\"has-vivid-red-color has-text-color wp-block-heading\">Th\u00e8me 1&nbsp;: La Terre, la vie et l\u2019organisation du vivant<\/h5>\n\n\n\n<figure class=\"wp-block-table\"><table><tbody><tr><td><strong>Les enzymes, des biomol\u00e9cules aux propri\u00e9t\u00e9s catalytiques<\/strong><\/td><td class=\"has-text-align-center\" data-align=\"center\"><a href=\"https:\/\/site.ac-martinique.fr\/svt\/wp-content\/uploads\/sites\/97\/2021\/08\/genetiquesc6_1154952.docx\" data-type=\"URL\" data-id=\"https:\/\/site.ac-martinique.fr\/svt\/wp-content\/uploads\/sites\/97\/2021\/08\/genetiquesc6_1154952.docx\" target=\"_blank\" rel=\"noreferrer noopener\">Word<\/a><\/td><td class=\"has-text-align-center\" data-align=\"center\"><a href=\"https:\/\/site.ac-martinique.fr\/svt\/wp-content\/uploads\/sites\/97\/2021\/08\/genetiquesc6_1154953.pdf\" data-type=\"URL\" data-id=\"https:\/\/site.ac-martinique.fr\/svt\/wp-content\/uploads\/sites\/97\/2021\/08\/genetiquesc6_1154953.pdf\" target=\"_blank\" rel=\"noreferrer noopener\">PDF<\/a><\/td><\/tr><tr><td><strong>L&rsquo;expression du patrimoine g\u00e9n\u00e9tique<\/strong><\/td><td class=\"has-text-align-center\" data-align=\"center\"><a href=\"https:\/\/site.ac-martinique.fr\/svt\/wp-content\/uploads\/sites\/97\/2021\/08\/genetiquesc5_1154950.docx\" data-type=\"URL\" data-id=\"https:\/\/site.ac-martinique.fr\/svt\/wp-content\/uploads\/sites\/97\/2021\/08\/genetiquesc5_1154950.docx\" target=\"_blank\" rel=\"noreferrer noopener\"> Word <\/a><\/td><td class=\"has-text-align-center\" data-align=\"center\"> <a href=\"https:\/\/site.ac-martinique.fr\/svt\/wp-content\/uploads\/sites\/97\/2021\/08\/genetiquesc5_1154951.pdf\" data-type=\"URL\" data-id=\"https:\/\/site.ac-martinique.fr\/svt\/wp-content\/uploads\/sites\/97\/2021\/08\/genetiquesc5_1154951.pdf\" target=\"_blank\" rel=\"noreferrer noopener\">PDF<\/a> <\/td><\/tr><tr><td><strong>L&rsquo;histoire humaine lue dans son g\u00e9nome<\/strong><\/td><td class=\"has-text-align-center\" data-align=\"center\"><a href=\"https:\/\/site.ac-martinique.fr\/svt\/wp-content\/uploads\/sites\/97\/2021\/08\/genetiquesc4_1154948.docx\" data-type=\"URL\" data-id=\"https:\/\/site.ac-martinique.fr\/svt\/wp-content\/uploads\/sites\/97\/2021\/08\/genetiquesc4_1154948.docx\" target=\"_blank\" rel=\"noreferrer noopener\"> Word<\/a> <\/td><td class=\"has-text-align-center\" data-align=\"center\"><a href=\"https:\/\/site.ac-martinique.fr\/svt\/wp-content\/uploads\/sites\/97\/2021\/08\/genetiquesc4_1154949.pdf\" data-type=\"URL\" data-id=\"https:\/\/site.ac-martinique.fr\/svt\/wp-content\/uploads\/sites\/97\/2021\/08\/genetiquesc4_1154949.pdf\"> P<\/a><a href=\"https:\/\/site.ac-martinique.fr\/svt\/wp-content\/uploads\/sites\/97\/2021\/08\/genetiquesc4_1154949.pdf\" data-type=\"URL\" data-id=\"https:\/\/site.ac-martinique.fr\/svt\/wp-content\/uploads\/sites\/97\/2021\/08\/genetiquesc4_1154949.pdf\" target=\"_blank\" rel=\"noreferrer noopener\">D<\/a><a href=\"https:\/\/site.ac-martinique.fr\/svt\/wp-content\/uploads\/sites\/97\/2021\/08\/genetiquesc4_1154949.pdf\" data-type=\"URL\" data-id=\"https:\/\/site.ac-martinique.fr\/svt\/wp-content\/uploads\/sites\/97\/2021\/08\/genetiquesc4_1154949.pdf\">F<\/a> <\/td><\/tr><tr><td><strong>Mutations de l&rsquo;ADN et variabilit\u00e9 g\u00e9n\u00e9tique<\/strong><\/td><td class=\"has-text-align-center\" data-align=\"center\"><a href=\"https:\/\/site.ac-martinique.fr\/svt\/wp-content\/uploads\/sites\/97\/2021\/08\/genetiquesc3_1154946.docx\" data-type=\"URL\" data-id=\"https:\/\/site.ac-martinique.fr\/svt\/wp-content\/uploads\/sites\/97\/2021\/08\/genetiquesc3_1154946.docx\" target=\"_blank\" rel=\"noreferrer noopener\"> Word <\/a><\/td><td class=\"has-text-align-center\" data-align=\"center\"> <a href=\"https:\/\/site.ac-martinique.fr\/svt\/wp-content\/uploads\/sites\/97\/2021\/08\/genetiquesc3_1154947.pdf\" data-type=\"URL\" data-id=\"https:\/\/site.ac-martinique.fr\/svt\/wp-content\/uploads\/sites\/97\/2021\/08\/genetiquesc3_1154947.pdf\" target=\"_blank\" rel=\"noreferrer noopener\">PDF<\/a> <\/td><\/tr><tr><td><strong>La r\u00e9plication de l&rsquo;ADN<\/strong><\/td><td class=\"has-text-align-center\" data-align=\"center\"> <a href=\"https:\/\/site.ac-martinique.fr\/svt\/wp-content\/uploads\/sites\/97\/2021\/08\/genetiquesc2_1154944.docx\" data-type=\"URL\" data-id=\"https:\/\/site.ac-martinique.fr\/svt\/wp-content\/uploads\/sites\/97\/2021\/08\/genetiquesc2_1154944.docx\" target=\"_blank\" rel=\"noreferrer noopener\">Word<\/a> <\/td><td class=\"has-text-align-center\" data-align=\"center\"><a href=\"https:\/\/site.ac-martinique.fr\/svt\/wp-content\/uploads\/sites\/97\/2021\/08\/genetiquesc2_1154945.pdf\" data-type=\"URL\" data-id=\"https:\/\/site.ac-martinique.fr\/svt\/wp-content\/uploads\/sites\/97\/2021\/08\/genetiquesc2_1154945.pdf\" target=\"_blank\" rel=\"noreferrer noopener\"> PDF<\/a> <\/td><\/tr><tr><td><strong>Les divisions cellulaires des eucaryotes<\/strong><\/td><td class=\"has-text-align-center\" data-align=\"center\"><a href=\"https:\/\/site.ac-martinique.fr\/svt\/wp-content\/uploads\/sites\/97\/2021\/08\/genetiquesc1_1154942.docx\" data-type=\"URL\" data-id=\"https:\/\/site.ac-martinique.fr\/svt\/wp-content\/uploads\/sites\/97\/2021\/08\/genetiquesc1_1154942.docx\" target=\"_blank\" rel=\"noreferrer noopener\"> Word<\/a> <\/td><td class=\"has-text-align-center\" data-align=\"center\"><a href=\"https:\/\/site.ac-martinique.fr\/svt\/wp-content\/uploads\/sites\/97\/2021\/08\/genetiquesc1_1154943.pdf\" data-type=\"URL\" data-id=\"https:\/\/site.ac-martinique.fr\/svt\/wp-content\/uploads\/sites\/97\/2021\/08\/genetiquesc1_1154943.pdf\" target=\"_blank\" rel=\"noreferrer noopener\"> PDF<\/a> <\/td><\/tr><tr><td><strong>La dynamique des zones de convergence&nbsp;: les zones de collision<\/strong><\/td><td class=\"has-text-align-center\" data-align=\"center\"> <a href=\"https:\/\/site.ac-martinique.fr\/svt\/wp-content\/uploads\/sites\/97\/2021\/08\/T1c2sc2p4ELYMARIUSVERDAN_1154940.docx\" data-type=\"URL\" data-id=\"https:\/\/site.ac-martinique.fr\/svt\/wp-content\/uploads\/sites\/97\/2021\/08\/T1c2sc2p4ELYMARIUSVERDAN_1154940.docx\" target=\"_blank\" rel=\"noreferrer noopener\">Word<\/a> <\/td><td class=\"has-text-align-center\" data-align=\"center\"><a href=\"https:\/\/site.ac-martinique.fr\/svt\/wp-content\/uploads\/sites\/97\/2021\/08\/T1c2sc2p4ELYMARIUSVERDAN_1154941.pdf\" data-type=\"URL\" data-id=\"https:\/\/site.ac-martinique.fr\/svt\/wp-content\/uploads\/sites\/97\/2021\/08\/T1c2sc2p4ELYMARIUSVERDAN_1154941.pdf\" target=\"_blank\" rel=\"noreferrer noopener\"> PDF<\/a> <\/td><\/tr><tr><td><strong>La dynamique des zones de convergence&nbsp;: les zones de subduction<\/strong><\/td><td class=\"has-text-align-center\" data-align=\"center\"><a href=\"https:\/\/site.ac-martinique.fr\/svt\/wp-content\/uploads\/sites\/97\/2021\/08\/T1c2sc2p3ELYMARIUSVERDAN_1154938.docx\" data-type=\"URL\" data-id=\"https:\/\/site.ac-martinique.fr\/svt\/wp-content\/uploads\/sites\/97\/2021\/08\/T1c2sc2p3ELYMARIUSVERDAN_1154938.docx\" target=\"_blank\" rel=\"noreferrer noopener\"> Word<\/a> <\/td><td class=\"has-text-align-center\" data-align=\"center\"> <a href=\"https:\/\/site.ac-martinique.fr\/svt\/wp-content\/uploads\/sites\/97\/2021\/08\/T1c2sc2p3ELYMARIUSVERDAN_1154939.pdf\" data-type=\"URL\" data-id=\"https:\/\/site.ac-martinique.fr\/svt\/wp-content\/uploads\/sites\/97\/2021\/08\/T1c2sc2p3ELYMARIUSVERDAN_1154939.pdf\" target=\"_blank\" rel=\"noreferrer noopener\">PDF<\/a> <\/td><\/tr><tr><td><strong>La caract\u00e9risation de la mobilit\u00e9 horizontale<\/strong><\/td><td class=\"has-text-align-center\" data-align=\"center\"> <a href=\"https:\/\/site.ac-martinique.fr\/svt\/wp-content\/uploads\/sites\/97\/2021\/08\/T1c2sc2VERDANELYMARIUSMODESTIN_1154936.docx\" data-type=\"URL\" data-id=\"https:\/\/site.ac-martinique.fr\/svt\/wp-content\/uploads\/sites\/97\/2021\/08\/T1c2sc2VERDANELYMARIUSMODESTIN_1154936.docx\" target=\"_blank\" rel=\"noreferrer noopener\">Word<\/a> <\/td><td class=\"has-text-align-center\" data-align=\"center\"> <a href=\"https:\/\/site.ac-martinique.fr\/svt\/wp-content\/uploads\/sites\/97\/2021\/08\/T1c2sc2VERDANELYMARIUSMODESTIN_1154937.pdf\" data-type=\"URL\" data-id=\"https:\/\/site.ac-martinique.fr\/svt\/wp-content\/uploads\/sites\/97\/2021\/08\/T1c2sc2VERDANELYMARIUSMODESTIN_1154937.pdf\" target=\"_blank\" rel=\"noreferrer noopener\">PDF<\/a> <\/td><\/tr><tr><td><strong>Des contrastes entre les continents et les oc\u00e9ans<\/strong><\/td><td class=\"has-text-align-center\" data-align=\"center\"> <a href=\"https:\/\/site.ac-martinique.fr\/svt\/wp-content\/uploads\/sites\/97\/2021\/08\/T1c1sc1Structureduglobe_1154934.docx\" data-type=\"URL\" data-id=\"https:\/\/site.ac-martinique.fr\/svt\/wp-content\/uploads\/sites\/97\/2021\/08\/T1c1sc1Structureduglobe_1154934.docx\" target=\"_blank\" rel=\"noreferrer noopener\">Word<\/a> <\/td><td class=\"has-text-align-center\" data-align=\"center\"> <a href=\"https:\/\/site.ac-martinique.fr\/svt\/wp-content\/uploads\/sites\/97\/2021\/08\/T1c1sc1Structureduglobe_1154935.pdf\" data-type=\"URL\" data-id=\"https:\/\/site.ac-martinique.fr\/svt\/wp-content\/uploads\/sites\/97\/2021\/08\/T1c1sc1Structureduglobe_1154935.pdf\" target=\"_blank\" rel=\"noreferrer noopener\">PDF<\/a> <\/td><\/tr><\/tbody><\/table><\/figure>\n\n\n\n<h4 class=\"has-vivid-red-color has-text-color wp-block-heading\"><strong>Th\u00e8me 2\u00a0: Enjeux contemporains de la plan\u00e8te<\/strong><\/h4>\n\n\n\n<figure class=\"wp-block-table\"><table><tbody><tr><td><strong>L&rsquo;humanit\u00e9 et les \u00e9cosyst\u00e8mes\u00a0: les services \u00e9cosyst\u00e9miques et leur gestion<\/strong><\/td><td class=\"has-text-align-center\" data-align=\"center\"><a href=\"https:\/\/site.ac-martinique.fr\/svt\/wp-content\/uploads\/sites\/97\/2021\/08\/Th2_chap1_schap2ELYMARIUS_BRUSSET_1154875.docx\" data-type=\"URL\" data-id=\"https:\/\/site.ac-martinique.fr\/svt\/wp-content\/uploads\/sites\/97\/2021\/08\/Th2_chap1_schap2ELYMARIUS_BRUSSET_1154875.docx\" target=\"_blank\" rel=\"noreferrer noopener\">Word<\/a><\/td><td><a href=\"https:\/\/site.ac-martinique.fr\/svt\/wp-content\/uploads\/sites\/97\/2021\/08\/Th2_chap1_schap2ELYMARIUS_BRUSSET_1154876.pdf\" data-type=\"URL\" data-id=\"https:\/\/site.ac-martinique.fr\/svt\/wp-content\/uploads\/sites\/97\/2021\/08\/Th2_chap1_schap2ELYMARIUS_BRUSSET_1154876.pdf\" target=\"_blank\" rel=\"noreferrer noopener\">PDF<\/a><\/td><\/tr><tr><td><strong>Les \u00e9cosyst\u00e8mes\u00a0: des interactions dynamiques entre les \u00eatres vivants et entre eux et leur milieu<\/strong><\/td><td class=\"has-text-align-center\" data-align=\"center\"><a href=\"https:\/\/site.ac-martinique.fr\/svt\/wp-content\/uploads\/sites\/97\/2021\/08\/Th2_chap1_schap1ELYMARIUS_VERDAN_MODESTIN_1154873.docx\" data-type=\"URL\" data-id=\"https:\/\/site.ac-martinique.fr\/svt\/wp-content\/uploads\/sites\/97\/2021\/08\/Th2_chap1_schap1ELYMARIUS_VERDAN_MODESTIN_1154873.docx\" target=\"_blank\" rel=\"noreferrer noopener\">Word<\/a><\/td><td><a href=\"https:\/\/site.ac-martinique.fr\/svt\/wp-content\/uploads\/sites\/97\/2021\/08\/Th2_chap1_schap1ELYMARIUS_VERDAN_MODESTIN_1154874.pdf\" data-type=\"URL\" data-id=\"https:\/\/site.ac-martinique.fr\/svt\/wp-content\/uploads\/sites\/97\/2021\/08\/Th2_chap1_schap1ELYMARIUS_VERDAN_MODESTIN_1154874.pdf\" target=\"_blank\" rel=\"noreferrer noopener\">PDF<\/a><\/td><\/tr><\/tbody><\/table><\/figure>\n\n\n\n<h5 class=\"has-vivid-red-color has-text-color wp-block-heading\"><strong>Th\u00e8me 3\u00a0: Corps humain et sant\u00e9<\/strong><\/h5>\n\n\n\n<figure class=\"wp-block-table\"><table><tbody><tr><td><strong>Variation g\u00e9n\u00e9tique bact\u00e9rienne et r\u00e9sistance aux antibiotiques<\/strong><\/td><td class=\"has-text-align-center\" data-align=\"center\"><a href=\"https:\/\/site.ac-martinique.fr\/svt\/wp-content\/uploads\/sites\/97\/2021\/08\/T3SsC4BEUZELABRIDYResistanceantibiotiques_1154966.docx\" data-type=\"URL\" data-id=\"https:\/\/site.ac-martinique.fr\/svt\/wp-content\/uploads\/sites\/97\/2021\/08\/T3SsC4BEUZELABRIDYResistanceantibiotiques_1154966.docx\" target=\"_blank\" rel=\"noreferrer noopener\">Word<\/a><\/td><td class=\"has-text-align-center\" data-align=\"center\"><a href=\"https:\/\/site.ac-martinique.fr\/svt\/wp-content\/uploads\/sites\/97\/2021\/08\/T3SsC4BEUZELABRIDYResistanceantibiotiques_1154967.pdf\" data-type=\"URL\" data-id=\"https:\/\/site.ac-martinique.fr\/svt\/wp-content\/uploads\/sites\/97\/2021\/08\/T3SsC4BEUZELABRIDYResistanceantibiotiques_1154967.pdf\" target=\"_blank\" rel=\"noreferrer noopener\">PDF<\/a><\/td><\/tr><tr><td><strong>Alt\u00e9ration du g\u00e9nome et canc\u00e9risation<\/strong><\/td><td class=\"has-text-align-center\" data-align=\"center\"><a href=\"https:\/\/site.ac-martinique.fr\/svt\/wp-content\/uploads\/sites\/97\/2021\/08\/T3SsC3BEUZELABRIDYAlterationgenomeCancerisation_1154964.docx\" data-type=\"URL\" data-id=\"https:\/\/site.ac-martinique.fr\/svt\/wp-content\/uploads\/sites\/97\/2021\/08\/T3SsC3BEUZELABRIDYAlterationgenomeCancerisation_1154964.docx\" target=\"_blank\" rel=\"noreferrer noopener\">Word<\/a><\/td><td class=\"has-text-align-center\" data-align=\"center\"><a href=\"https:\/\/site.ac-martinique.fr\/svt\/wp-content\/uploads\/sites\/97\/2021\/08\/T3SsC3BEUZELABRIDYAlterationgenomeCancerisation_1154965.pdf\" data-type=\"URL\" data-id=\"https:\/\/site.ac-martinique.fr\/svt\/wp-content\/uploads\/sites\/97\/2021\/08\/T3SsC3BEUZELABRIDYAlterationgenomeCancerisation_1154965.pdf\" target=\"_blank\" rel=\"noreferrer noopener\">PDF<\/a><\/td><\/tr><tr><td><strong>Patrimoine g\u00e9n\u00e9tique et sant\u00e9<\/strong><\/td><td class=\"has-text-align-center\" data-align=\"center\"> <a href=\"https:\/\/site.ac-martinique.fr\/svt\/wp-content\/uploads\/sites\/97\/2021\/08\/T3SsC2BEUZELABRIDYPatrimoinegenetiqueetsante_1154962.docx\" data-type=\"URL\" data-id=\"https:\/\/site.ac-martinique.fr\/svt\/wp-content\/uploads\/sites\/97\/2021\/08\/T3SsC2BEUZELABRIDYPatrimoinegenetiqueetsante_1154962.docx\" target=\"_blank\" rel=\"noreferrer noopener\">Word<\/a> <\/td><td class=\"has-text-align-center\" data-align=\"center\"><a href=\"https:\/\/site.ac-martinique.fr\/svt\/wp-content\/uploads\/sites\/97\/2021\/08\/T3SsC2BEUZELABRIDYPatrimoinegenetiqueetsante_1154963.pdf\" data-type=\"URL\" data-id=\"https:\/\/site.ac-martinique.fr\/svt\/wp-content\/uploads\/sites\/97\/2021\/08\/T3SsC2BEUZELABRIDYPatrimoinegenetiqueetsante_1154963.pdf\" target=\"_blank\" rel=\"noreferrer noopener\"> PDF<\/a> <\/td><\/tr><tr><td><strong>Mutation et sant\u00e9<\/strong><\/td><td class=\"has-text-align-center\" data-align=\"center\"> <a href=\"https:\/\/site.ac-martinique.fr\/svt\/wp-content\/uploads\/sites\/97\/2021\/08\/T3SsC1BEUZELABRIDYMutationetsante_1154960.docx\" data-type=\"URL\" data-id=\"https:\/\/site.ac-martinique.fr\/svt\/wp-content\/uploads\/sites\/97\/2021\/08\/T3SsC1BEUZELABRIDYMutationetsante_1154960.docx\" target=\"_blank\" rel=\"noreferrer noopener\">Word<\/a> <\/td><td class=\"has-text-align-center\" data-align=\"center\"> <a href=\"https:\/\/site.ac-martinique.fr\/svt\/wp-content\/uploads\/sites\/97\/2021\/08\/T3SsC1BEUZELABRIDYMutationetsante_1154961.pdf\" data-type=\"URL\" data-id=\"https:\/\/site.ac-martinique.fr\/svt\/wp-content\/uploads\/sites\/97\/2021\/08\/T3SsC1BEUZELABRIDYMutationetsante_1154961.pdf\" target=\"_blank\" rel=\"noreferrer noopener\">PDF<\/a> <\/td><\/tr><tr><td><strong>L&rsquo;immunit\u00e9 inn\u00e9e<\/strong><\/td><td class=\"has-text-align-center\" data-align=\"center\"> <a href=\"https:\/\/site.ac-martinique.fr\/svt\/wp-content\/uploads\/sites\/97\/2021\/08\/T3C2sc1FOURNEAU_1154958.docx\" data-type=\"URL\" data-id=\"https:\/\/site.ac-martinique.fr\/svt\/wp-content\/uploads\/sites\/97\/2021\/08\/T3C2sc1FOURNEAU_1154958.docx\" target=\"_blank\" rel=\"noreferrer noopener\">Word<\/a> <\/td><td class=\"has-text-align-center\" data-align=\"center\"> <a href=\"https:\/\/site.ac-martinique.fr\/svt\/wp-content\/uploads\/sites\/97\/2021\/08\/T3C2sc1FOURNEAU_1154959-1.pdf\" data-type=\"URL\" data-id=\"https:\/\/site.ac-martinique.fr\/svt\/wp-content\/uploads\/sites\/97\/2021\/08\/T3C2sc1FOURNEAU_1154959-1.pdf\" target=\"_blank\" rel=\"noreferrer noopener\">PDF<\/a> <\/td><\/tr><tr><td><strong>L&rsquo;immunit\u00e9 adaptative<\/strong><\/td><td class=\"has-text-align-center\" data-align=\"center\"><a href=\"https:\/\/site.ac-martinique.fr\/svt\/wp-content\/uploads\/sites\/97\/2021\/08\/1SpeT3sC2Immuniteadaptative_1154954.docx\" data-type=\"URL\" data-id=\"https:\/\/site.ac-martinique.fr\/svt\/wp-content\/uploads\/sites\/97\/2021\/08\/1SpeT3sC2Immuniteadaptative_1154954.docx\" target=\"_blank\" rel=\"noreferrer noopener\"> Word<\/a> <\/td><td class=\"has-text-align-center\" data-align=\"center\"><a href=\"https:\/\/site.ac-martinique.fr\/svt\/wp-content\/uploads\/sites\/97\/2021\/08\/1SpeT3sC2Immuniteadaptative_1154955.pdf\" data-type=\"URL\" data-id=\"https:\/\/site.ac-martinique.fr\/svt\/wp-content\/uploads\/sites\/97\/2021\/08\/1SpeT3sC2Immuniteadaptative_1154955.pdf\" target=\"_blank\" rel=\"noreferrer noopener\"> PDF<\/a> <\/td><\/tr><\/tbody><\/table><\/figure>\n\n\n\n<p><\/p>\n\n\n\n<p><\/p>\n","protected":false},"excerpt":{"rendered":"<p>Produites par le groupe de formateurs acad\u00e9miques, ces fiches mettent en lien pr\u00e9ambule, introduction et contenu de chacun des chapitres et sous chapitres des programmes. Elles rep\u00e8rent les nouveaut\u00e9s, les acquis, des utilisations possibles du num\u00e9rique et les exemples et ressources locales sur lesquels il est envisageable de s\u2019appuyer. Elles indiquent \u00e9galement les liens possibles &hellip; <\/p>\n<p><a class=\"more-link btn\" href=\"https:\/\/site.ac-martinique.fr\/svt\/?page_id=4573\">Lire la suite<\/a><\/p>\n","protected":false},"author":253,"featured_media":0,"parent":0,"menu_order":0,"comment_status":"closed","ping_status":"closed","template":"","meta":{"footnotes":""},"class_list":["post-4573","page","type-page","status-publish","hentry","nodate","item-wrap"],"_links":{"self":[{"href":"https:\/\/site.ac-martinique.fr\/svt\/index.php?rest_route=\/wp\/v2\/pages\/4573","targetHints":{"allow":["GET"]}}],"collection":[{"href":"https:\/\/site.ac-martinique.fr\/svt\/index.php?rest_route=\/wp\/v2\/pages"}],"about":[{"href":"https:\/\/site.ac-martinique.fr\/svt\/index.php?rest_route=\/wp\/v2\/types\/page"}],"author":[{"embeddable":true,"href":"https:\/\/site.ac-martinique.fr\/svt\/index.php?rest_route=\/wp\/v2\/users\/253"}],"replies":[{"embeddable":true,"href":"https:\/\/site.ac-martinique.fr\/svt\/index.php?rest_route=%2Fwp%2Fv2%2Fcomments&post=4573"}],"version-history":[{"count":7,"href":"https:\/\/site.ac-martinique.fr\/svt\/index.php?rest_route=\/wp\/v2\/pages\/4573\/revisions"}],"predecessor-version":[{"id":4625,"href":"https:\/\/site.ac-martinique.fr\/svt\/index.php?rest_route=\/wp\/v2\/pages\/4573\/revisions\/4625"}],"wp:attachment":[{"href":"https:\/\/site.ac-martinique.fr\/svt\/index.php?rest_route=%2Fwp%2Fv2%2Fmedia&parent=4573"}],"curies":[{"name":"wp","href":"https:\/\/api.w.org\/{rel}","templated":true}]}}